{"version":"1.0","provider_name":"LeiLike","provider_url":"https:\/\/leilike.cafeblog.hu","author_name":"LeiLike","author_url":"https:\/\/leilike.cafeblog.hu\/author\/leilike\/","title":"Sz\u00edvb\u0151l, szeretettel","html":"<p>A kar\u00e1csony v\u00e9szesen k\u00f6zeleg, m\u00e1r itt van valamelyik kanyarban.<\/p>\r\n<p>Egyre t\u00f6bbsz\u00f6r jut eszembe egy tavalyi versem, amit egy nagy, csal\u00e1di sz\u00fclinapoz\u00e1s el\u0151tt \u00edrtam. Szeretek varrni - m\u00e1r ha van r\u00e1 id\u0151m - \u00e9s szeretem figyelni a csal\u00e1domat, ki, minek \u00f6r\u00fclne a legjobban. \u00dagy \u00e9rzem, eddig ezek az aj\u00e1nd\u00e9kok hagyt\u00e1k a legm\u00e9lyebb, leg\u00f6r\u00f6mtelibb nyomot az megaj\u00e1nd\u00e9kozottakban. Gondoltam, ezt mindenk\u00e9pp meg kell ism\u00e9telni. :)<\/p>\r\n<p><img class=\"aligncenter wp-image-229 size-large\" src=\"https:\/\/leilike.cafeblog.hu\/files\/2016\/12\/aj\u00e1nd\u00e9kgy\u0171jtem\u00e9ny-600x381.jpg\" alt=\"ajandekgyujtemeny\" width=\"600\" height=\"381\" \/><\/p>\r\n<p>Most egy kicsit \u00e1tkar\u00e1csonyos\u00edtva ism\u00e9t \u00e9rv\u00e9nyess\u00e9 v\u00e1ltak a versbe foglalt gondolataim, hiszen kar\u00e1csonyra szem\u00e9lyes, s.k. aj\u00e1nd\u00e9kkal lepem meg szeretteimet.<\/p>\r\n<p>&nbsp;<\/p>\r\n<p>Els\u0151 gondolatom egy cs\u00e9sze k\u00e1v\u00e9 ut\u00e1n,<\/p>\r\n<p>Mit is alkossak ma d\u00e9lut\u00e1n?<\/p>\r\n<p>Fejemben sok sz\u00e9p terv kavarog,<\/p>\r\n<p>Sokszor azt sem tudom, melyikhez foghatok.<\/p>\r\n<p>&nbsp;<\/p>\r\n<p>J\u00f6nnek az \u00fcnnepek, sz\u00fcli \u00e9s n\u00e9vnapok,<\/p>\r\n<p>Szem\u00e9lyes aj\u00e1nd\u00e9k \u00f6tletre gondolok.<\/p>\r\n<p>Legyenek m\u00f3k\u00e1sak, \u00e1mde hasznosak,<\/p>\r\n<p>L\u00e1thassam az igaz\u00e1n meglepett arcokat.<\/p>\r\n<p>&nbsp;<\/p>\r\n<p>Eddig \u00fagy \u00e9rzem, \u00f6r\u00f6met szereztem,<\/p>\r\n<p>Ez\u00e9rt m\u00e1r meg\u00e9ri varrni a g\u00e9pemmel.<\/p>\r\n<p>Rem\u00e9lem, \u00e9rzik az aj\u00e1nd\u00e9kozottak,<\/p>\r\n<p>A sz\u00edvemb\u0151l egy kis darabot is kaptak.<\/p>\r\n<p>&nbsp;<\/p>\r\n<p>2015. m\u00e1rcius 23.<\/p>\r\n<p>&nbsp;<\/p>\r\n<p>V\u00e9g\u00fcl n\u00e9h\u00e1ny k\u00e9p az akkori aj\u00e1nd\u00e9kokb\u00f3l.\u00a0<\/p>\r\n<p>Szab\u00e1smint\u00e1t sajnos nem tudok mell\u00e9kelni, mert \u00a0ha j\u00f6nnek az ihletek, oll\u00f3t ragadok \u00e9s valami lesz - vagy megy valahov\u00e1. :)<\/p>\r\n[caption id=\"attachment_243\" align=\"aligncenter\" width=\"432\"]<img class=\"wp-image-243 size-full\" src=\"https:\/\/leilike.cafeblog.hu\/files\/2016\/12\/xbox-nyakp\u00e1rna.jpg\" alt=\"xbox-nyakparna\" width=\"432\" height=\"432\" \/> X-box nyakp\u00e1rna[\/caption]\r\n<p>&nbsp;<\/p>\r\n[caption id=\"attachment_235\" align=\"aligncenter\" width=\"418\"]<img class=\"wp-image-235 size-full\" src=\"https:\/\/leilike.cafeblog.hu\/files\/2016\/12\/hubabagoly.jpg\" alt=\"hubabagoly\" width=\"418\" height=\"418\" \/> Huba, a bagyoly T\u00e1vir\u00e1ny\u00edt\u00f3 (dugi csoki) tart\u00f3 olvas\u00f3 p\u00e1rna[\/caption]\r\n<p>&nbsp;<\/p>\r\n[caption id=\"attachment_234\" align=\"aligncenter\" width=\"401\"]<img class=\"wp-image-234 size-full\" src=\"https:\/\/leilike.cafeblog.hu\/files\/2016\/12\/galamb-nyakp\u00e1rna.jpg\" alt=\"galamb-nyakparna\" width=\"401\" height=\"401\" \/> Galamb nyakp\u00e1rna[\/caption]\r\n<p>&nbsp;<\/p>\r\n[caption id=\"attachment_240\" align=\"aligncenter\" width=\"432\"]<img class=\"wp-image-240 size-full\" src=\"https:\/\/leilike.cafeblog.hu\/files\/2016\/12\/p\u00e9nzt\u00e1rca-anyunak.jpg\" alt=\"penztarca-anyunak\" width=\"432\" height=\"432\" \/> Baglyos p\u00e9nzt\u00e1rca 3D-s mint\u00e1val[\/caption]\r\n<p>&nbsp;<\/p>\r\n[caption id=\"attachment_241\" align=\"aligncenter\" width=\"431\"]<img class=\"wp-image-241 size-full\" src=\"https:\/\/leilike.cafeblog.hu\/files\/2016\/12\/szem\u00fcvegtok.jpg\" alt=\"szemuvegtok\" width=\"431\" height=\"431\" \/> Szem\u00fcvegtok - Zsuzsi bab\u00e1val[\/caption]\r\n<p>&nbsp;<\/p>\r\n[caption id=\"attachment_242\" align=\"aligncenter\" width=\"430\"]<img class=\"wp-image-242 size-full\" src=\"https:\/\/leilike.cafeblog.hu\/files\/2016\/12\/t\u00e1ska-anyunak.jpg\" alt=\"taska-anyunak\" width=\"430\" height=\"430\" \/> T\u00e1ska 3D-s vir\u00e1gokkal[\/caption]\r\n<p>&nbsp;<\/p>\r\n[caption id=\"attachment_238\" align=\"aligncenter\" width=\"600\"]<img class=\"wp-image-238 size-large\" src=\"https:\/\/leilike.cafeblog.hu\/files\/2016\/12\/motoros-szett-600x250.jpg\" alt=\"motoros-szett\" width=\"600\" height=\"250\" \/> Motoros szett: M\u00e1gneses GPS tart\u00f3 buk\u00f3sisak t\u00e1rol\u00f3val[\/caption]\r\n<p>&nbsp;<\/p>\r\n[caption id=\"attachment_233\" align=\"aligncenter\" width=\"600\"]<img class=\"wp-image-233 size-large\" src=\"https:\/\/leilike.cafeblog.hu\/files\/2016\/12\/ed\u00e9nyfog\u00f3-szett-600x325.jpg\" alt=\"edenyfogo-szett\" width=\"600\" height=\"325\" \/> Ed\u00e9nyfog\u00f3 szett cupcake mint\u00e1val[\/caption]\r\n<p>&nbsp;<\/p>\r\n[caption id=\"attachment_237\" align=\"aligncenter\" width=\"412\"]<img class=\"wp-image-237 size-full\" src=\"https:\/\/leilike.cafeblog.hu\/files\/2016\/12\/minions-mobiltok1-vert.jpg\" alt=\"minions-mobiltok1-vert\" width=\"412\" height=\"442\" \/> Minionos mobiltart\u00f3[\/caption]\r\n<p>&nbsp;<\/p>\r\n[caption id=\"attachment_236\" align=\"aligncenter\" width=\"393\"]<img class=\"wp-image-236 size-large\" src=\"https:\/\/leilike.cafeblog.hu\/files\/2016\/12\/m\u00e9zga-alad\u00e1ros-mobiltok-393x600.jpg\" alt=\"mezga-aladaros-mobiltok\" width=\"393\" height=\"600\" \/> M\u00e9zga rajong\u00f3nak egy Alad\u00e1ros mobiltart\u00f3[\/caption]\r\n<p>&nbsp;<\/p>\r\n[caption id=\"attachment_239\" align=\"aligncenter\" width=\"436\"]<img class=\"wp-image-239 size-large\" src=\"https:\/\/leilike.cafeblog.hu\/files\/2016\/12\/olaf-436x600.jpg\" alt=\"olaf\" width=\"436\" height=\"600\" \/> Horgolt Olaf - ebb\u0151l t\u00f6bb is k\u00e9sz\u00fclt, nem sz\u00fclinapi, hanem t\u00e9lap\u00f3 csomagba.[\/caption]\r\n<p>(M\u00e1r k\u00e9sz\u00fclnek az \u00fajabb meglepik, de azt \"spoiler-vesz\u00e9ly\" lenne most megosztanom Veletek. Ezekr\u0151l k\u00e9pek k\u00e9s\u0151bb, ha v\u00e9get \u00e9rtek az \u00fcnnepek.)<\/p>","type":"rich","thumbnail_url":"https:\/\/leilike.cafeblog.hu\/files\/2016\/12\/aj\u00e1nd\u00e9kgy\u0171jtem\u00e9ny-150x150.jpg","thumbnail_width":150,"thumbnail_height":150}